{"id":12422,"date":"2024-07-08T06:01:50","date_gmt":"2024-07-08T04:01:50","guid":{"rendered":"https:\/\/nova.elfornerdealella.com\/home\/"},"modified":"2025-07-23T16:21:00","modified_gmt":"2025-07-23T14:21:00","slug":"home-2","status":"publish","type":"page","link":"https:\/\/elfornerdealella.com\/ca\/","title":{"rendered":"Home"},"content":{"rendered":"\t\t<div data-elementor-type=\"wp-page\" data-elementor-id=\"12422\" class=\"elementor elementor-12422\" data-elementor-post-type=\"page\">\n\t\t\t\t\t\t<section class=\"elementor-section elementor-top-section elementor-element elementor-element-4b5a6f2 elementor-section-height-min-height elementor-section-boxed elementor-section-height-default elementor-section-items-middle\" data-id=\"4b5a6f2\" data-element_type=\"section\" data-e-type=\"section\" data-settings=\"{&quot;background_background&quot;:&quot;slideshow&quot;,&quot;background_slideshow_gallery&quot;:[{&quot;id&quot;:13231,&quot;url&quot;:&quot;https:\\\/\\\/elfornerdealella.com\\\/wp-content\\\/uploads\\\/2024\\\/10\\\/tarta-de-hojaldre-2-scaled.jpg&quot;},{&quot;id&quot;:13233,&quot;url&quot;:&quot;https:\\\/\\\/elfornerdealella.com\\\/wp-content\\\/uploads\\\/2024\\\/10\\\/Croissants-copia.jpg&quot;},{&quot;id&quot;:13234,&quot;url&quot;:&quot;https:\\\/\\\/elfornerdealella.com\\\/wp-content\\\/uploads\\\/2024\\\/10\\\/fresas-2-scaled.jpg&quot;},{&quot;id&quot;:13237,&quot;url&quot;:&quot;https:\\\/\\\/elfornerdealella.com\\\/wp-content\\\/uploads\\\/2024\\\/10\\\/tejas-2-scaled.jpg&quot;}],&quot;background_slideshow_transition_duration&quot;:400,&quot;background_slideshow_slide_duration&quot;:3000,&quot;background_slideshow_loop&quot;:&quot;yes&quot;,&quot;background_slideshow_slide_transition&quot;:&quot;fade&quot;}\">\n\t\t\t\t\t\t\t<div class=\"elementor-background-overlay\"><\/div>\n\t\t\t\t\t\t\t<div class=\"elementor-container elementor-column-gap-no\">\n\t\t\t\t\t<div class=\"elementor-column elementor-col-100 elementor-top-column elementor-element elementor-element-ffce3b3\" data-id=\"ffce3b3\" data-element_type=\"column\" data-e-type=\"column\" data-settings=\"{&quot;background_background&quot;:&quot;classic&quot;}\">\n\t\t\t<div class=\"elementor-widget-wrap elementor-element-populated\">\n\t\t\t\t\t\t<div class=\"elementor-element elementor-element-268750f elementor-widget elementor-widget-heading\" data-id=\"268750f\" data-element_type=\"widget\" data-e-type=\"widget\" data-widget_type=\"heading.default\">\n\t\t\t\t<div class=\"elementor-widget-container\">\n\t\t\t\t\t<h1 class=\"elementor-heading-title elementor-size-default\">Recetas<br>de Cocina Casera<\/h1>\t\t\t\t<\/div>\n\t\t\t\t<\/div>\n\t\t\t\t<div class=\"elementor-element elementor-element-d31122c elementor-widget elementor-widget-heading\" data-id=\"d31122c\" data-element_type=\"widget\" data-e-type=\"widget\" data-widget_type=\"heading.default\">\n\t\t\t\t<div class=\"elementor-widget-container\">\n\t\t\t\t\t<h2 class=\"elementor-heading-title elementor-size-default\">El Forner de Alella<\/h2>\t\t\t\t<\/div>\n\t\t\t\t<\/div>\n\t\t\t\t\t<\/div>\n\t\t<\/div>\n\t\t\t\t\t<\/div>\n\t\t<\/section>\n\t\t<div class=\"elementor-element elementor-element-8babd4d e-flex e-con-boxed e-con e-parent\" data-id=\"8babd4d\" data-element_type=\"container\" data-e-type=\"container\" data-settings=\"{&quot;background_background&quot;:&quot;classic&quot;}\">\n\t\t\t\t\t<div class=\"e-con-inner\">\n\t\t<div class=\"elementor-element elementor-element-092b0b2 e-con-full e-flex e-con e-child\" data-id=\"092b0b2\" data-element_type=\"container\" data-e-type=\"container\">\n\t\t\t\t<div class=\"elementor-element elementor-element-f6913ae elementor-widget__width-initial elementor-search-form--skin-classic elementor-search-form--button-type-icon elementor-search-form--icon-search elementor-widget elementor-widget-search-form\" data-id=\"f6913ae\" data-element_type=\"widget\" data-e-type=\"widget\" data-settings=\"{&quot;skin&quot;:&quot;classic&quot;}\" data-widget_type=\"search-form.default\">\n\t\t\t\t<div class=\"elementor-widget-container\">\n\t\t\t\t\t\t\t<search role=\"search\">\n\t\t\t<form class=\"elementor-search-form\" action=\"https:\/\/elfornerdealella.com\/ca\" method=\"get\">\n\t\t\t\t\t\t\t\t\t\t\t\t<div class=\"elementor-search-form__container\">\n\t\t\t\t\t<label class=\"elementor-screen-only\" for=\"elementor-search-form-f6913ae\">Search<\/label>\n\n\t\t\t\t\t\n\t\t\t\t\t<input id=\"elementor-search-form-f6913ae\" placeholder=\"Buscar...\" class=\"elementor-search-form__input\" type=\"search\" name=\"s\" value=\"\">\n\t\t\t\t\t\n\t\t\t\t\t\t\t\t\t\t\t<button class=\"elementor-search-form__submit\" type=\"submit\" aria-label=\"Search\">\n\t\t\t\t\t\t\t\t\t\t\t\t\t\t\t<div class=\"e-font-icon-svg-container\"><svg class=\"fa fa-search e-font-icon-svg e-fas-search\" viewBox=\"0 0 512 512\" xmlns=\"http:\/\/www.w3.org\/2000\/svg\"><path d=\"M505 442.7L405.3 343c-4.5-4.5-10.6-7-17-7H372c27.6-35.3 44-79.7 44-128C416 93.1 322.9 0 208 0S0 93.1 0 208s93.1 208 208 208c48.3 0 92.7-16.4 128-44v16.3c0 6.4 2.5 12.5 7 17l99.7 99.7c9.4 9.4 24.6 9.4 33.9 0l28.3-28.3c9.4-9.4 9.4-24.6.1-34zM208 336c-70.7 0-128-57.2-128-128 0-70.7 57.2-128 128-128 70.7 0 128 57.2 128 128 0 70.7-57.2 128-128 128z\"><\/path><\/svg><\/div>\t\t\t\t\t\t\t\t\t\t\t\t\t<\/button>\n\t\t\t\t\t\n\t\t\t\t\t\t\t\t\t<\/div>\n\t\t\t<\/form>\n\t\t<\/search>\n\t\t\t\t\t\t<\/div>\n\t\t\t\t<\/div>\n\t\t\t\t<div class=\"elementor-element elementor-element-8a9834e elementor-widget elementor-widget-heading\" data-id=\"8a9834e\" data-element_type=\"widget\" data-e-type=\"widget\" data-widget_type=\"heading.default\">\n\t\t\t\t<div class=\"elementor-widget-container\">\n\t\t\t\t\t<h3 class=\"elementor-heading-title elementor-size-default\">NUESTRAS \u00daLTIMAS RECETAS de cocina casera<\/h3>\t\t\t\t<\/div>\n\t\t\t\t<\/div>\n\t\t\t\t<div class=\"elementor-element elementor-element-e015213 elementor-grid-3 elementor-grid-tablet-2 elementor-grid-mobile-1 elementor-posts--thumbnail-top elementor-card-shadow-yes elementor-posts__hover-gradient elementor-widget elementor-widget-posts\" data-id=\"e015213\" data-element_type=\"widget\" data-e-type=\"widget\" data-settings=\"{&quot;pagination_type&quot;:&quot;numbers&quot;,&quot;cards_columns&quot;:&quot;3&quot;,&quot;cards_columns_tablet&quot;:&quot;2&quot;,&quot;cards_columns_mobile&quot;:&quot;1&quot;,&quot;cards_row_gap&quot;:{&quot;unit&quot;:&quot;px&quot;,&quot;size&quot;:35,&quot;sizes&quot;:[]},&quot;cards_row_gap_tablet&quot;:{&quot;unit&quot;:&quot;px&quot;,&quot;size&quot;:&quot;&quot;,&quot;sizes&quot;:[]},&quot;cards_row_gap_mobile&quot;:{&quot;unit&quot;:&quot;px&quot;,&quot;size&quot;:&quot;&quot;,&quot;sizes&quot;:[]}}\" data-widget_type=\"posts.cards\">\n\t\t\t\t<div class=\"elementor-widget-container\">\n\t\t\t\t\t\t\t<div class=\"elementor-posts-container elementor-posts elementor-posts--skin-cards elementor-grid\" role=\"list\">\n\t\t\t\t<article class=\"elementor-post elementor-grid-item post-14799 post type-post status-publish format-standard has-post-thumbnail hentry category-postres-caseros tag-dulce-pan tag-pan-de-calatrava\" role=\"listitem\">\n\t\t\t<div class=\"elementor-post__card\">\n\t\t\t\t<a class=\"elementor-post__thumbnail__link\" href=\"https:\/\/elfornerdealella.com\/ca\/pan-de-calatrava\/\" tabindex=\"-1\"><div class=\"elementor-post__thumbnail\"><img fetchpriority=\"high\" decoding=\"async\" width=\"300\" height=\"224\" src=\"https:\/\/elfornerdealella.com\/wp-content\/uploads\/2026\/04\/Pan-de-Calatrava-300x224.jpg\" class=\"attachment-medium size-medium wp-image-14800\" alt=\"Pan de Calatrava\" srcset=\"https:\/\/elfornerdealella.com\/wp-content\/uploads\/2026\/04\/Pan-de-Calatrava-300x224.jpg 300w, https:\/\/elfornerdealella.com\/wp-content\/uploads\/2026\/04\/Pan-de-Calatrava-1030x770.jpg 1030w, https:\/\/elfornerdealella.com\/wp-content\/uploads\/2026\/04\/Pan-de-Calatrava-768x574.jpg 768w, https:\/\/elfornerdealella.com\/wp-content\/uploads\/2026\/04\/Pan-de-Calatrava-1536x1149.jpg 1536w, https:\/\/elfornerdealella.com\/wp-content\/uploads\/2026\/04\/Pan-de-Calatrava-16x12.jpg 16w, https:\/\/elfornerdealella.com\/wp-content\/uploads\/2026\/04\/Pan-de-Calatrava-600x449.jpg 600w, https:\/\/elfornerdealella.com\/wp-content\/uploads\/2026\/04\/Pan-de-Calatrava.jpg 1920w\" sizes=\"(max-width: 300px) 100vw, 300px\" title=\"Receta de\"><\/div><\/a>\n\t\t\t\t<div class=\"elementor-post__text\">\n\t\t\t\t<h3 class=\"elementor-post__title\">\n\t\t\t<a href=\"https:\/\/elfornerdealella.com\/ca\/pan-de-calatrava\/\">\n\t\t\t\tPan de Calatrava\t\t\t<\/a>\n\t\t<\/h3>\n\t\t\t\t<div class=\"elementor-post__excerpt\">\n\t\t\t<p>\u00bfBuscas la aut\u00e9ntica receta de pan de Calatrava? Descubre este<\/p>\n\t\t<\/div>\n\t\t\t\t<\/div>\n\t\t\t\t<div class=\"elementor-post__meta-data\">\n\t\t\t\t\t<span class=\"elementor-post-date\">\n\t\t\t23\/04\/2026\t\t<\/span>\n\t\t\t\t<\/div>\n\t\t\t\t\t<\/div>\n\t\t<\/article>\n\t\t\t\t<article class=\"elementor-post elementor-grid-item post-14769 post type-post status-publish format-standard has-post-thumbnail hentry category-sin-categoria\" role=\"listitem\">\n\t\t\t<div class=\"elementor-post__card\">\n\t\t\t\t<a class=\"elementor-post__thumbnail__link\" href=\"https:\/\/elfornerdealella.com\/ca\/magret-de-pato-con-salsa-de-arandanos\/\" tabindex=\"-1\"><div class=\"elementor-post__thumbnail\"><img decoding=\"async\" width=\"300\" height=\"224\" src=\"https:\/\/elfornerdealella.com\/wp-content\/uploads\/2026\/04\/Magret-de-pato-mazana-tefal-300x224.jpg\" class=\"attachment-medium size-medium wp-image-14770\" alt=\"magret de pato pure manzana\" srcset=\"https:\/\/elfornerdealella.com\/wp-content\/uploads\/2026\/04\/Magret-de-pato-mazana-tefal-300x224.jpg 300w, https:\/\/elfornerdealella.com\/wp-content\/uploads\/2026\/04\/Magret-de-pato-mazana-tefal-1030x770.jpg 1030w, https:\/\/elfornerdealella.com\/wp-content\/uploads\/2026\/04\/Magret-de-pato-mazana-tefal-768x574.jpg 768w, https:\/\/elfornerdealella.com\/wp-content\/uploads\/2026\/04\/Magret-de-pato-mazana-tefal-1536x1149.jpg 1536w, https:\/\/elfornerdealella.com\/wp-content\/uploads\/2026\/04\/Magret-de-pato-mazana-tefal-16x12.jpg 16w, https:\/\/elfornerdealella.com\/wp-content\/uploads\/2026\/04\/Magret-de-pato-mazana-tefal-600x449.jpg 600w, https:\/\/elfornerdealella.com\/wp-content\/uploads\/2026\/04\/Magret-de-pato-mazana-tefal.jpg 1920w\" sizes=\"(max-width: 300px) 100vw, 300px\" title=\"Receta de\"><\/div><\/a>\n\t\t\t\t<div class=\"elementor-post__text\">\n\t\t\t\t<h3 class=\"elementor-post__title\">\n\t\t\t<a href=\"https:\/\/elfornerdealella.com\/ca\/magret-de-pato-con-salsa-de-arandanos\/\">\n\t\t\t\tMagret de Pato con salsa de Ar\u00e1ndanos\t\t\t<\/a>\n\t\t<\/h3>\n\t\t\t\t<div class=\"elementor-post__excerpt\">\n\t\t\t<p>Hoy vamos a preparar un delicioso Magret de Pato con<\/p>\n\t\t<\/div>\n\t\t\t\t<\/div>\n\t\t\t\t<div class=\"elementor-post__meta-data\">\n\t\t\t\t\t<span class=\"elementor-post-date\">\n\t\t\t16\/04\/2026\t\t<\/span>\n\t\t\t\t<\/div>\n\t\t\t\t\t<\/div>\n\t\t<\/article>\n\t\t\t\t<article class=\"elementor-post elementor-grid-item post-14764 post type-post status-publish format-standard has-post-thumbnail hentry category-segundos-platos-caseros tag-alitas-de-pollo-crujientes-con-salsa-de-mostaza tag-alitas-pollo\" role=\"listitem\">\n\t\t\t<div class=\"elementor-post__card\">\n\t\t\t\t<a class=\"elementor-post__thumbnail__link\" href=\"https:\/\/elfornerdealella.com\/ca\/alitas-de-pollo-crujientes-con-salsa-de-mostaza\/\" tabindex=\"-1\"><div class=\"elementor-post__thumbnail\"><img decoding=\"async\" width=\"300\" height=\"224\" src=\"https:\/\/elfornerdealella.com\/wp-content\/uploads\/2026\/04\/Alitas-pollo-crujientes-300x224.jpg\" class=\"attachment-medium size-medium wp-image-14765\" alt=\"Alitas de Pollo crujientes con Salsa de Mostaza\" srcset=\"https:\/\/elfornerdealella.com\/wp-content\/uploads\/2026\/04\/Alitas-pollo-crujientes-300x224.jpg 300w, https:\/\/elfornerdealella.com\/wp-content\/uploads\/2026\/04\/Alitas-pollo-crujientes-1030x770.jpg 1030w, https:\/\/elfornerdealella.com\/wp-content\/uploads\/2026\/04\/Alitas-pollo-crujientes-768x574.jpg 768w, https:\/\/elfornerdealella.com\/wp-content\/uploads\/2026\/04\/Alitas-pollo-crujientes-1536x1149.jpg 1536w, https:\/\/elfornerdealella.com\/wp-content\/uploads\/2026\/04\/Alitas-pollo-crujientes-16x12.jpg 16w, https:\/\/elfornerdealella.com\/wp-content\/uploads\/2026\/04\/Alitas-pollo-crujientes-600x449.jpg 600w, https:\/\/elfornerdealella.com\/wp-content\/uploads\/2026\/04\/Alitas-pollo-crujientes.jpg 1920w\" sizes=\"(max-width: 300px) 100vw, 300px\" title=\"Receta de\"><\/div><\/a>\n\t\t\t\t<div class=\"elementor-post__text\">\n\t\t\t\t<h3 class=\"elementor-post__title\">\n\t\t\t<a href=\"https:\/\/elfornerdealella.com\/ca\/alitas-de-pollo-crujientes-con-salsa-de-mostaza\/\">\n\t\t\t\tAlitas de Pollo crujientes con Salsa de Mostaza\t\t\t<\/a>\n\t\t<\/h3>\n\t\t\t\t<div class=\"elementor-post__excerpt\">\n\t\t\t<p>Aprende c\u00f3mo hacer unas alitas de pollo crujientes con el<\/p>\n\t\t<\/div>\n\t\t\t\t<\/div>\n\t\t\t\t<div class=\"elementor-post__meta-data\">\n\t\t\t\t\t<span class=\"elementor-post-date\">\n\t\t\t09\/04\/2026\t\t<\/span>\n\t\t\t\t<\/div>\n\t\t\t\t\t<\/div>\n\t\t<\/article>\n\t\t\t\t<article class=\"elementor-post elementor-grid-item post-14758 post type-post status-publish format-standard has-post-thumbnail hentry category-postres-caseros tag-magdalenas tag-magdalenas-de-arandanos\" role=\"listitem\">\n\t\t\t<div class=\"elementor-post__card\">\n\t\t\t\t<a class=\"elementor-post__thumbnail__link\" href=\"https:\/\/elfornerdealella.com\/ca\/magdalenas-de-arandanos\/\" tabindex=\"-1\"><div class=\"elementor-post__thumbnail\"><img loading=\"lazy\" decoding=\"async\" width=\"300\" height=\"224\" src=\"https:\/\/elfornerdealella.com\/wp-content\/uploads\/2026\/04\/magdalenas-de-arandanos-300x224.jpg\" class=\"attachment-medium size-medium wp-image-14759\" alt=\"magdalenas de arandanos\" srcset=\"https:\/\/elfornerdealella.com\/wp-content\/uploads\/2026\/04\/magdalenas-de-arandanos-300x224.jpg 300w, https:\/\/elfornerdealella.com\/wp-content\/uploads\/2026\/04\/magdalenas-de-arandanos-1030x770.jpg 1030w, https:\/\/elfornerdealella.com\/wp-content\/uploads\/2026\/04\/magdalenas-de-arandanos-768x574.jpg 768w, https:\/\/elfornerdealella.com\/wp-content\/uploads\/2026\/04\/magdalenas-de-arandanos-1536x1149.jpg 1536w, https:\/\/elfornerdealella.com\/wp-content\/uploads\/2026\/04\/magdalenas-de-arandanos-16x12.jpg 16w, https:\/\/elfornerdealella.com\/wp-content\/uploads\/2026\/04\/magdalenas-de-arandanos-600x449.jpg 600w, https:\/\/elfornerdealella.com\/wp-content\/uploads\/2026\/04\/magdalenas-de-arandanos.jpg 1920w\" sizes=\"(max-width: 300px) 100vw, 300px\" title=\"Receta de\"><\/div><\/a>\n\t\t\t\t<div class=\"elementor-post__text\">\n\t\t\t\t<h3 class=\"elementor-post__title\">\n\t\t\t<a href=\"https:\/\/elfornerdealella.com\/ca\/magdalenas-de-arandanos\/\">\n\t\t\t\tMagdalenas de Ar\u00e1ndanos\t\t\t<\/a>\n\t\t<\/h3>\n\t\t\t\t<div class=\"elementor-post__excerpt\">\n\t\t\t<p>Aprende a preparar magdalenas de ar\u00e1ndanos perfectas con esta receta<\/p>\n\t\t<\/div>\n\t\t\t\t<\/div>\n\t\t\t\t<div class=\"elementor-post__meta-data\">\n\t\t\t\t\t<span class=\"elementor-post-date\">\n\t\t\t02\/04\/2026\t\t<\/span>\n\t\t\t\t<\/div>\n\t\t\t\t\t<\/div>\n\t\t<\/article>\n\t\t\t\t<article class=\"elementor-post elementor-grid-item post-14749 post type-post status-publish format-standard has-post-thumbnail hentry category-segundos-platos-caseros category-especial-cuaresma-y-semana-santa tag-albondigas-de-bacalao tag-albondigas-de-bacalao-con-salsa-verde\" role=\"listitem\">\n\t\t\t<div class=\"elementor-post__card\">\n\t\t\t\t<a class=\"elementor-post__thumbnail__link\" href=\"https:\/\/elfornerdealella.com\/ca\/albondigas-de-bacalao-con-salsa-verde\/\" tabindex=\"-1\"><div class=\"elementor-post__thumbnail\"><img loading=\"lazy\" decoding=\"async\" width=\"300\" height=\"224\" src=\"https:\/\/elfornerdealella.com\/wp-content\/uploads\/2026\/03\/albondigas-bacalao-salsa-verde-300x224.jpg\" class=\"attachment-medium size-medium wp-image-14750\" alt=\"Alb\u00f3ndigas de Bacalao con salsa Verde\" srcset=\"https:\/\/elfornerdealella.com\/wp-content\/uploads\/2026\/03\/albondigas-bacalao-salsa-verde-300x224.jpg 300w, https:\/\/elfornerdealella.com\/wp-content\/uploads\/2026\/03\/albondigas-bacalao-salsa-verde-1030x770.jpg 1030w, https:\/\/elfornerdealella.com\/wp-content\/uploads\/2026\/03\/albondigas-bacalao-salsa-verde-768x574.jpg 768w, https:\/\/elfornerdealella.com\/wp-content\/uploads\/2026\/03\/albondigas-bacalao-salsa-verde-1536x1149.jpg 1536w, https:\/\/elfornerdealella.com\/wp-content\/uploads\/2026\/03\/albondigas-bacalao-salsa-verde-16x12.jpg 16w, https:\/\/elfornerdealella.com\/wp-content\/uploads\/2026\/03\/albondigas-bacalao-salsa-verde-600x449.jpg 600w, https:\/\/elfornerdealella.com\/wp-content\/uploads\/2026\/03\/albondigas-bacalao-salsa-verde.jpg 1920w\" sizes=\"(max-width: 300px) 100vw, 300px\" title=\"Receta de\"><\/div><\/a>\n\t\t\t\t<div class=\"elementor-post__text\">\n\t\t\t\t<h3 class=\"elementor-post__title\">\n\t\t\t<a href=\"https:\/\/elfornerdealella.com\/ca\/albondigas-de-bacalao-con-salsa-verde\/\">\n\t\t\t\tAlb\u00f3ndigas de Bacalao con salsa Verde\t\t\t<\/a>\n\t\t<\/h3>\n\t\t\t\t<div class=\"elementor-post__excerpt\">\n\t\t\t<p>Alb\u00f3ndigas de Bacalao con salsa Verde. Siente el sabor del<\/p>\n\t\t<\/div>\n\t\t\t\t<\/div>\n\t\t\t\t<div class=\"elementor-post__meta-data\">\n\t\t\t\t\t<span class=\"elementor-post-date\">\n\t\t\t26\/03\/2026\t\t<\/span>\n\t\t\t\t<\/div>\n\t\t\t\t\t<\/div>\n\t\t<\/article>\n\t\t\t\t<article class=\"elementor-post elementor-grid-item post-14743 post type-post status-publish format-standard has-post-thumbnail hentry category-monas-de-pascua category-postres-caseros tag-mona-de-pascua tag-zapato-de-chocolate\" role=\"listitem\">\n\t\t\t<div class=\"elementor-post__card\">\n\t\t\t\t<a class=\"elementor-post__thumbnail__link\" href=\"https:\/\/elfornerdealella.com\/ca\/zapato-de-chocolate-para-la-mona-de-pascua\/\" tabindex=\"-1\"><div class=\"elementor-post__thumbnail\"><img loading=\"lazy\" decoding=\"async\" width=\"300\" height=\"224\" src=\"https:\/\/elfornerdealella.com\/wp-content\/uploads\/2026\/03\/Zapato-de-Chocolate-300x224.jpg\" class=\"attachment-medium size-medium wp-image-14744\" alt=\"Receta de\" srcset=\"https:\/\/elfornerdealella.com\/wp-content\/uploads\/2026\/03\/Zapato-de-Chocolate-300x224.jpg 300w, https:\/\/elfornerdealella.com\/wp-content\/uploads\/2026\/03\/Zapato-de-Chocolate-1030x770.jpg 1030w, https:\/\/elfornerdealella.com\/wp-content\/uploads\/2026\/03\/Zapato-de-Chocolate-768x574.jpg 768w, https:\/\/elfornerdealella.com\/wp-content\/uploads\/2026\/03\/Zapato-de-Chocolate-1536x1149.jpg 1536w, https:\/\/elfornerdealella.com\/wp-content\/uploads\/2026\/03\/Zapato-de-Chocolate-16x12.jpg 16w, https:\/\/elfornerdealella.com\/wp-content\/uploads\/2026\/03\/Zapato-de-Chocolate-600x449.jpg 600w, https:\/\/elfornerdealella.com\/wp-content\/uploads\/2026\/03\/Zapato-de-Chocolate.jpg 1920w\" sizes=\"(max-width: 300px) 100vw, 300px\" title=\"Receta de\"><\/div><\/a>\n\t\t\t\t<div class=\"elementor-post__text\">\n\t\t\t\t<h3 class=\"elementor-post__title\">\n\t\t\t<a href=\"https:\/\/elfornerdealella.com\/ca\/zapato-de-chocolate-para-la-mona-de-pascua\/\">\n\t\t\t\tZapato de Chocolate para la Mona de Pascua\t\t\t<\/a>\n\t\t<\/h3>\n\t\t\t\t<div class=\"elementor-post__excerpt\">\n\t\t\t<p>Hoy vamos a preparar una figura de chocolate con leche<\/p>\n\t\t<\/div>\n\t\t\t\t<\/div>\n\t\t\t\t<div class=\"elementor-post__meta-data\">\n\t\t\t\t\t<span class=\"elementor-post-date\">\n\t\t\t19\/03\/2026\t\t<\/span>\n\t\t\t\t<\/div>\n\t\t\t\t\t<\/div>\n\t\t<\/article>\n\t\t\t\t<article class=\"elementor-post elementor-grid-item post-14736 post type-post status-publish format-standard has-post-thumbnail hentry category-segundos-platos-caseros category-especial-cuaresma-y-semana-santa tag-bacalao tag-bacalao-con-salsa-pimientos\" role=\"listitem\">\n\t\t\t<div class=\"elementor-post__card\">\n\t\t\t\t<a class=\"elementor-post__thumbnail__link\" href=\"https:\/\/elfornerdealella.com\/ca\/bacalao-con-salsa-de-pimientos-y-gambas\/\" tabindex=\"-1\"><div class=\"elementor-post__thumbnail\"><img loading=\"lazy\" decoding=\"async\" width=\"300\" height=\"224\" src=\"https:\/\/elfornerdealella.com\/wp-content\/uploads\/2026\/03\/Bacalao-salsa-pimientos-gambas-300x224.jpg\" class=\"attachment-medium size-medium wp-image-14737\" alt=\"Bacalao salsa pimientos gambas\" srcset=\"https:\/\/elfornerdealella.com\/wp-content\/uploads\/2026\/03\/Bacalao-salsa-pimientos-gambas-300x224.jpg 300w, https:\/\/elfornerdealella.com\/wp-content\/uploads\/2026\/03\/Bacalao-salsa-pimientos-gambas-1030x770.jpg 1030w, https:\/\/elfornerdealella.com\/wp-content\/uploads\/2026\/03\/Bacalao-salsa-pimientos-gambas-768x574.jpg 768w, https:\/\/elfornerdealella.com\/wp-content\/uploads\/2026\/03\/Bacalao-salsa-pimientos-gambas-1536x1149.jpg 1536w, https:\/\/elfornerdealella.com\/wp-content\/uploads\/2026\/03\/Bacalao-salsa-pimientos-gambas-16x12.jpg 16w, https:\/\/elfornerdealella.com\/wp-content\/uploads\/2026\/03\/Bacalao-salsa-pimientos-gambas-600x449.jpg 600w, https:\/\/elfornerdealella.com\/wp-content\/uploads\/2026\/03\/Bacalao-salsa-pimientos-gambas.jpg 1920w\" sizes=\"(max-width: 300px) 100vw, 300px\" title=\"Receta de\"><\/div><\/a>\n\t\t\t\t<div class=\"elementor-post__text\">\n\t\t\t\t<h3 class=\"elementor-post__title\">\n\t\t\t<a href=\"https:\/\/elfornerdealella.com\/ca\/bacalao-con-salsa-de-pimientos-y-gambas\/\">\n\t\t\t\tBacalao con salsa de Pimientos y Gambas\t\t\t<\/a>\n\t\t<\/h3>\n\t\t\t\t<div class=\"elementor-post__excerpt\">\n\t\t\t<p>Aprende a preparar este exquisito Bacalao con salsa de pimientos<\/p>\n\t\t<\/div>\n\t\t\t\t<\/div>\n\t\t\t\t<div class=\"elementor-post__meta-data\">\n\t\t\t\t\t<span class=\"elementor-post-date\">\n\t\t\t12\/03\/2026\t\t<\/span>\n\t\t\t\t<\/div>\n\t\t\t\t\t<\/div>\n\t\t<\/article>\n\t\t\t\t<article class=\"elementor-post elementor-grid-item post-14724 post type-post status-publish format-standard has-post-thumbnail hentry category-especial-cuaresma-y-semana-santa category-postres-caseros tag-orejas-de-fraile\" role=\"listitem\">\n\t\t\t<div class=\"elementor-post__card\">\n\t\t\t\t<a class=\"elementor-post__thumbnail__link\" href=\"https:\/\/elfornerdealella.com\/ca\/orejas-de-fraile\/\" tabindex=\"-1\"><div class=\"elementor-post__thumbnail\"><img loading=\"lazy\" decoding=\"async\" width=\"300\" height=\"224\" src=\"https:\/\/elfornerdealella.com\/wp-content\/uploads\/2026\/03\/Orejas-Fraile-300x224.jpg\" class=\"attachment-medium size-medium wp-image-14725\" alt=\"Orejas Fraile\" srcset=\"https:\/\/elfornerdealella.com\/wp-content\/uploads\/2026\/03\/Orejas-Fraile-300x224.jpg 300w, https:\/\/elfornerdealella.com\/wp-content\/uploads\/2026\/03\/Orejas-Fraile-1030x770.jpg 1030w, https:\/\/elfornerdealella.com\/wp-content\/uploads\/2026\/03\/Orejas-Fraile-768x574.jpg 768w, https:\/\/elfornerdealella.com\/wp-content\/uploads\/2026\/03\/Orejas-Fraile-1536x1149.jpg 1536w, https:\/\/elfornerdealella.com\/wp-content\/uploads\/2026\/03\/Orejas-Fraile-16x12.jpg 16w, https:\/\/elfornerdealella.com\/wp-content\/uploads\/2026\/03\/Orejas-Fraile-600x449.jpg 600w, https:\/\/elfornerdealella.com\/wp-content\/uploads\/2026\/03\/Orejas-Fraile.jpg 1920w\" sizes=\"(max-width: 300px) 100vw, 300px\" title=\"Receta de\"><\/div><\/a>\n\t\t\t\t<div class=\"elementor-post__text\">\n\t\t\t\t<h3 class=\"elementor-post__title\">\n\t\t\t<a href=\"https:\/\/elfornerdealella.com\/ca\/orejas-de-fraile\/\">\n\t\t\t\tOrejas de Fraile\t\t\t<\/a>\n\t\t<\/h3>\n\t\t\t\t<div class=\"elementor-post__excerpt\">\n\t\t\t<p>Descubre c\u00f3mo preparar las aut\u00e9nticas Orejas de Fraile, el dulce<\/p>\n\t\t<\/div>\n\t\t\t\t<\/div>\n\t\t\t\t<div class=\"elementor-post__meta-data\">\n\t\t\t\t\t<span class=\"elementor-post-date\">\n\t\t\t05\/03\/2026\t\t<\/span>\n\t\t\t\t<\/div>\n\t\t\t\t\t<\/div>\n\t\t<\/article>\n\t\t\t\t<article class=\"elementor-post elementor-grid-item post-14705 post type-post status-publish format-standard has-post-thumbnail hentry category-primeros-platos-caseros tag-garbanzos-con-almejas\" role=\"listitem\">\n\t\t\t<div class=\"elementor-post__card\">\n\t\t\t\t<a class=\"elementor-post__thumbnail__link\" href=\"https:\/\/elfornerdealella.com\/ca\/garbanzos-con-almejas\/\" tabindex=\"-1\"><div class=\"elementor-post__thumbnail\"><img loading=\"lazy\" decoding=\"async\" width=\"300\" height=\"224\" src=\"https:\/\/elfornerdealella.com\/wp-content\/uploads\/2026\/02\/garbanzos-almejas-300x224.webp\" class=\"attachment-medium size-medium wp-image-14708\" alt=\"garbanzos almejas\" srcset=\"https:\/\/elfornerdealella.com\/wp-content\/uploads\/2026\/02\/garbanzos-almejas-300x224.webp 300w, https:\/\/elfornerdealella.com\/wp-content\/uploads\/2026\/02\/garbanzos-almejas-1030x770.webp 1030w, https:\/\/elfornerdealella.com\/wp-content\/uploads\/2026\/02\/garbanzos-almejas-768x574.webp 768w, https:\/\/elfornerdealella.com\/wp-content\/uploads\/2026\/02\/garbanzos-almejas-1536x1149.webp 1536w, https:\/\/elfornerdealella.com\/wp-content\/uploads\/2026\/02\/garbanzos-almejas-16x12.webp 16w, https:\/\/elfornerdealella.com\/wp-content\/uploads\/2026\/02\/garbanzos-almejas-600x449.webp 600w, https:\/\/elfornerdealella.com\/wp-content\/uploads\/2026\/02\/garbanzos-almejas.webp 1920w\" sizes=\"(max-width: 300px) 100vw, 300px\" title=\"Receta de\"><\/div><\/a>\n\t\t\t\t<div class=\"elementor-post__text\">\n\t\t\t\t<h3 class=\"elementor-post__title\">\n\t\t\t<a href=\"https:\/\/elfornerdealella.com\/ca\/garbanzos-con-almejas\/\">\n\t\t\t\tGarbanzos con Almejas\t\t\t<\/a>\n\t\t<\/h3>\n\t\t\t\t<div class=\"elementor-post__excerpt\">\n\t\t\t<p>Prepara unos deliciosos garbanzos con almejas en poco tiempo. Esta<\/p>\n\t\t<\/div>\n\t\t\t\t<\/div>\n\t\t\t\t<div class=\"elementor-post__meta-data\">\n\t\t\t\t\t<span class=\"elementor-post-date\">\n\t\t\t26\/02\/2026\t\t<\/span>\n\t\t\t\t<\/div>\n\t\t\t\t\t<\/div>\n\t\t<\/article>\n\t\t\t\t<article class=\"elementor-post elementor-grid-item post-14704 post type-post status-publish format-standard has-post-thumbnail hentry category-postres-caseros tag-tarta-de-manzana-y-yogurt\" role=\"listitem\">\n\t\t\t<div class=\"elementor-post__card\">\n\t\t\t\t<a class=\"elementor-post__thumbnail__link\" href=\"https:\/\/elfornerdealella.com\/ca\/tarta-de-manzana-y-yogurt\/\" tabindex=\"-1\"><div class=\"elementor-post__thumbnail\"><img loading=\"lazy\" decoding=\"async\" width=\"300\" height=\"224\" src=\"https:\/\/elfornerdealella.com\/wp-content\/uploads\/2026\/02\/tarta-manzana-300x224.webp\" class=\"attachment-medium size-medium wp-image-14709\" alt=\"tarta manzana yougurt\" srcset=\"https:\/\/elfornerdealella.com\/wp-content\/uploads\/2026\/02\/tarta-manzana-300x224.webp 300w, https:\/\/elfornerdealella.com\/wp-content\/uploads\/2026\/02\/tarta-manzana-1030x770.webp 1030w, https:\/\/elfornerdealella.com\/wp-content\/uploads\/2026\/02\/tarta-manzana-768x574.webp 768w, https:\/\/elfornerdealella.com\/wp-content\/uploads\/2026\/02\/tarta-manzana-1536x1149.webp 1536w, https:\/\/elfornerdealella.com\/wp-content\/uploads\/2026\/02\/tarta-manzana-16x12.webp 16w, https:\/\/elfornerdealella.com\/wp-content\/uploads\/2026\/02\/tarta-manzana-600x449.webp 600w, https:\/\/elfornerdealella.com\/wp-content\/uploads\/2026\/02\/tarta-manzana.webp 1920w\" sizes=\"(max-width: 300px) 100vw, 300px\" title=\"Receta de\"><\/div><\/a>\n\t\t\t\t<div class=\"elementor-post__text\">\n\t\t\t\t<h3 class=\"elementor-post__title\">\n\t\t\t<a href=\"https:\/\/elfornerdealella.com\/ca\/tarta-de-manzana-y-yogurt\/\">\n\t\t\t\tTarta de Manzana y Yogurt\t\t\t<\/a>\n\t\t<\/h3>\n\t\t\t\t<div class=\"elementor-post__excerpt\">\n\t\t\t<p>La receta m\u00e1s f\u00e1cil y deliciosa hecha con bizcocho. Sorprende<\/p>\n\t\t<\/div>\n\t\t\t\t<\/div>\n\t\t\t\t<div class=\"elementor-post__meta-data\">\n\t\t\t\t\t<span class=\"elementor-post-date\">\n\t\t\t19\/02\/2026\t\t<\/span>\n\t\t\t\t<\/div>\n\t\t\t\t\t<\/div>\n\t\t<\/article>\n\t\t\t\t<article class=\"elementor-post elementor-grid-item post-14702 post type-post status-publish format-standard has-post-thumbnail hentry category-segundos-platos-caseros tag-solomillo tag-solomillo-de-cerdo-al-ajillo\" role=\"listitem\">\n\t\t\t<div class=\"elementor-post__card\">\n\t\t\t\t<a class=\"elementor-post__thumbnail__link\" href=\"https:\/\/elfornerdealella.com\/ca\/solomillo-de-cerdo-al-ajillo\/\" tabindex=\"-1\"><div class=\"elementor-post__thumbnail\"><img loading=\"lazy\" decoding=\"async\" width=\"300\" height=\"224\" src=\"https:\/\/elfornerdealella.com\/wp-content\/uploads\/2026\/02\/solomillo-cerdo-alajillo-300x224.webp\" class=\"attachment-medium size-medium wp-image-14710\" alt=\"solomillo cerdo alajillo\" srcset=\"https:\/\/elfornerdealella.com\/wp-content\/uploads\/2026\/02\/solomillo-cerdo-alajillo-300x224.webp 300w, https:\/\/elfornerdealella.com\/wp-content\/uploads\/2026\/02\/solomillo-cerdo-alajillo-1030x770.webp 1030w, https:\/\/elfornerdealella.com\/wp-content\/uploads\/2026\/02\/solomillo-cerdo-alajillo-768x574.webp 768w, https:\/\/elfornerdealella.com\/wp-content\/uploads\/2026\/02\/solomillo-cerdo-alajillo-1536x1149.webp 1536w, https:\/\/elfornerdealella.com\/wp-content\/uploads\/2026\/02\/solomillo-cerdo-alajillo-16x12.webp 16w, https:\/\/elfornerdealella.com\/wp-content\/uploads\/2026\/02\/solomillo-cerdo-alajillo-600x449.webp 600w, https:\/\/elfornerdealella.com\/wp-content\/uploads\/2026\/02\/solomillo-cerdo-alajillo.webp 1920w\" sizes=\"(max-width: 300px) 100vw, 300px\" title=\"Receta de\"><\/div><\/a>\n\t\t\t\t<div class=\"elementor-post__text\">\n\t\t\t\t<h3 class=\"elementor-post__title\">\n\t\t\t<a href=\"https:\/\/elfornerdealella.com\/ca\/solomillo-de-cerdo-al-ajillo\/\">\n\t\t\t\tSolomillo de Cerdo al Ajillo\t\t\t<\/a>\n\t\t<\/h3>\n\t\t\t\t<div class=\"elementor-post__excerpt\">\n\t\t\t<p>Prepara un delicioso solomillo de cerdo al ajillo en pocos<\/p>\n\t\t<\/div>\n\t\t\t\t<\/div>\n\t\t\t\t<div class=\"elementor-post__meta-data\">\n\t\t\t\t\t<span class=\"elementor-post-date\">\n\t\t\t12\/02\/2026\t\t<\/span>\n\t\t\t\t<\/div>\n\t\t\t\t\t<\/div>\n\t\t<\/article>\n\t\t\t\t<article class=\"elementor-post elementor-grid-item post-14691 post type-post status-publish format-standard has-post-thumbnail hentry category-especial-san-valentin category-postres-caseros tag-tartaletas-de-chocolate tag-tartaletas-san-valentin\" role=\"listitem\">\n\t\t\t<div class=\"elementor-post__card\">\n\t\t\t\t<a class=\"elementor-post__thumbnail__link\" href=\"https:\/\/elfornerdealella.com\/ca\/tartaletas-de-chocolate-para-san-valentin\/\" tabindex=\"-1\"><div class=\"elementor-post__thumbnail\"><img loading=\"lazy\" decoding=\"async\" width=\"300\" height=\"224\" src=\"https:\/\/elfornerdealella.com\/wp-content\/uploads\/2026\/02\/tartaletas-chocolate-san-valentin-300x224.webp\" class=\"attachment-medium size-medium wp-image-14712\" alt=\"tartaletas chocolate san valentin\" srcset=\"https:\/\/elfornerdealella.com\/wp-content\/uploads\/2026\/02\/tartaletas-chocolate-san-valentin-300x224.webp 300w, https:\/\/elfornerdealella.com\/wp-content\/uploads\/2026\/02\/tartaletas-chocolate-san-valentin-1030x770.webp 1030w, https:\/\/elfornerdealella.com\/wp-content\/uploads\/2026\/02\/tartaletas-chocolate-san-valentin-768x574.webp 768w, https:\/\/elfornerdealella.com\/wp-content\/uploads\/2026\/02\/tartaletas-chocolate-san-valentin-1536x1149.webp 1536w, https:\/\/elfornerdealella.com\/wp-content\/uploads\/2026\/02\/tartaletas-chocolate-san-valentin-16x12.webp 16w, https:\/\/elfornerdealella.com\/wp-content\/uploads\/2026\/02\/tartaletas-chocolate-san-valentin-600x449.webp 600w, https:\/\/elfornerdealella.com\/wp-content\/uploads\/2026\/02\/tartaletas-chocolate-san-valentin.webp 1920w\" sizes=\"(max-width: 300px) 100vw, 300px\" title=\"Receta de\"><\/div><\/a>\n\t\t\t\t<div class=\"elementor-post__text\">\n\t\t\t\t<h3 class=\"elementor-post__title\">\n\t\t\t<a href=\"https:\/\/elfornerdealella.com\/ca\/tartaletas-de-chocolate-para-san-valentin\/\">\n\t\t\t\tTartaletas de Chocolate para San Valent\u00edn\t\t\t<\/a>\n\t\t<\/h3>\n\t\t\t\t<div class=\"elementor-post__excerpt\">\n\t\t\t<p>\u00bfBuscas el postre rom\u00e1ntico perfecto? Sorprende a tu pareja con<\/p>\n\t\t<\/div>\n\t\t\t\t<\/div>\n\t\t\t\t<div class=\"elementor-post__meta-data\">\n\t\t\t\t\t<span class=\"elementor-post-date\">\n\t\t\t05\/02\/2026\t\t<\/span>\n\t\t\t\t<\/div>\n\t\t\t\t\t<\/div>\n\t\t<\/article>\n\t\t\t\t<\/div>\n\t\t\n\t\t\t\t<div class=\"e-load-more-anchor\" data-page=\"1\" data-max-page=\"90\" data-next-page=\"https:\/\/elfornerdealella.com\/ca\/wp-json\/wp\/v2\/pages\/12422\/page\/2\/\"><\/div>\n\t\t\t\t<nav class=\"elementor-pagination\" aria-label=\"Paginaci\u00f3\">\n\t\t\t<span aria-current=\"page\" class=\"page-numbers current\"><span class=\"elementor-screen-only\">P\u00e0gina<\/span>1<\/span>\n<a class=\"page-numbers\" href=\"https:\/\/elfornerdealella.com\/ca\/wp-json\/wp\/v2\/pages\/12422\/page\/2\/\"><span class=\"elementor-screen-only\">P\u00e0gina<\/span>2<\/a>\n<a class=\"page-numbers\" href=\"https:\/\/elfornerdealella.com\/ca\/wp-json\/wp\/v2\/pages\/12422\/page\/3\/\"><span class=\"elementor-screen-only\">P\u00e0gina<\/span>3<\/a>\n<span class=\"page-numbers dots\">&hellip;<\/span>\n<a class=\"page-numbers\" href=\"https:\/\/elfornerdealella.com\/ca\/wp-json\/wp\/v2\/pages\/12422\/page\/90\/\"><span class=\"elementor-screen-only\">P\u00e0gina<\/span>90<\/a>\t\t<\/nav>\n\t\t\t\t\t\t<\/div>\n\t\t\t\t<\/div>\n\t\t\t\t<\/div>\n\t\t\t\t\t<\/div>\n\t\t\t\t<\/div>\n\t\t\t\t<section class=\"elementor-section elementor-top-section elementor-element elementor-element-97f8289 elementor-section-height-min-height elementor-section-boxed elementor-section-height-default elementor-section-items-middle\" data-id=\"97f8289\" data-element_type=\"section\" data-e-type=\"section\" data-settings=\"{&quot;background_background&quot;:&quot;classic&quot;}\">\n\t\t\t\t\t\t<div class=\"elementor-container elementor-column-gap-no\">\n\t\t\t\t\t<div class=\"elementor-column elementor-col-100 elementor-top-column elementor-element elementor-element-6c0e4e4\" data-id=\"6c0e4e4\" data-element_type=\"column\" data-e-type=\"column\">\n\t\t\t<div class=\"elementor-widget-wrap elementor-element-populated\">\n\t\t\t\t\t\t<div class=\"elementor-element elementor-element-c084b13 elementor-widget elementor-widget-heading\" data-id=\"c084b13\" data-element_type=\"widget\" data-e-type=\"widget\" data-widget_type=\"heading.default\">\n\t\t\t\t<div class=\"elementor-widget-container\">\n\t\t\t\t\t<h2 class=\"elementor-heading-title elementor-size-default\">Qui\u00e9nes somos<\/h2>\t\t\t\t<\/div>\n\t\t\t\t<\/div>\n\t\t<div class=\"elementor-element elementor-element-1259521 e-con-full e-flex e-con e-parent\" data-id=\"1259521\" data-element_type=\"container\" data-e-type=\"container\">\n\t\t<div class=\"elementor-element elementor-element-b8195cb e-con-full e-flex e-con e-child\" data-id=\"b8195cb\" data-element_type=\"container\" data-e-type=\"container\">\n\t\t\t\t<div class=\"elementor-element elementor-element-194c3b6 elementor-widget elementor-widget-image\" data-id=\"194c3b6\" data-element_type=\"widget\" data-e-type=\"widget\" data-widget_type=\"image.default\">\n\t\t\t\t<div class=\"elementor-widget-container\">\n\t\t\t\t\t\t\t\t\t\t\t\t\t\t\t<img loading=\"lazy\" decoding=\"async\" width=\"700\" height=\"570\" src=\"https:\/\/elfornerdealella.com\/wp-content\/uploads\/2021\/04\/foto-1.jpg\" class=\"attachment-full size-full wp-image-5471\" alt=\"recetas de cocina casera\" srcset=\"https:\/\/elfornerdealella.com\/wp-content\/uploads\/2021\/04\/foto-1.jpg 700w, https:\/\/elfornerdealella.com\/wp-content\/uploads\/2021\/04\/foto-1-600x489.jpg 600w\" sizes=\"(max-width: 700px) 100vw, 700px\" title=\"Receta de\">\t\t\t\t\t\t\t\t\t\t\t\t\t\t\t<\/div>\n\t\t\t\t<\/div>\n\t\t\t\t<\/div>\n\t\t<div class=\"elementor-element elementor-element-cff01ad e-con-full e-flex e-con e-child\" data-id=\"cff01ad\" data-element_type=\"container\" data-e-type=\"container\">\n\t\t\t\t<div class=\"elementor-element elementor-element-1e97e11 elementor-widget elementor-widget-text-editor\" data-id=\"1e97e11\" data-element_type=\"widget\" data-e-type=\"widget\" data-widget_type=\"text-editor.default\">\n\t\t\t\t<div class=\"elementor-widget-container\">\n\t\t\t\t\t\t\t\t\t<p><strong style=\"font-size: 16px;\">Somos Josep Maria Ma\u00f1\u00e9 y Carme Juli\u00e0\u00a0<\/strong><\/p><p><span style=\"font-size: 16px;\">Durante m\u00e1s de cuarenta a\u00f1os regentamos panader\u00edas y pasteler\u00edas y 1 restaurante.<\/span><\/p><p>Ya jubilados, y jugando un d\u00eda con nuestros nietos, decidimos grabar un par de recetas de cocina caseras y colgarlas en <a href=\"https:\/\/www.youtube.com\/user\/josemanefont\" target=\"_blank\" rel=\"noopener\">nuestro canal de Youtube<\/a>. Al cabo de un tiempo descubrimos que las recetas que grab\u00e1bamos se convert\u00edan en un fen\u00f3meno viral. (El v\u00eddeo del pollo a la cerveza, por ejemplo, cuenta con m\u00e1s de 5.000.000 de visualizaciones.)<\/p><p>Y as\u00ed naci\u00f3 \u00abEl Forner de Alella\u00bb un blog en el que nos gusta compartir la mejor cocina casera, todo hecho de manera pr\u00e1ctica y desenfadada con mucha sinceridad y un poco de simpat\u00eda.<\/p>\t\t\t\t\t\t\t\t<\/div>\n\t\t\t\t<\/div>\n\t\t\t\t<div class=\"elementor-element elementor-element-c997237 elementor-align-center elementor-widget elementor-widget-button\" data-id=\"c997237\" data-element_type=\"widget\" data-e-type=\"widget\" data-widget_type=\"button.default\">\n\t\t\t\t<div class=\"elementor-widget-container\">\n\t\t\t\t\t\t\t\t\t<div class=\"elementor-button-wrapper\">\n\t\t\t\t\t<a class=\"elementor-button elementor-button-link elementor-size-sm\" href=\"https:\/\/elfornerdealella.com\/quienes-somos\/\">\n\t\t\t\t\t\t<span class=\"elementor-button-content-wrapper\">\n\t\t\t\t\t\t\t\t\t<span class=\"elementor-button-text\">Descubre mas sobre nosotros<\/span>\n\t\t\t\t\t<\/span>\n\t\t\t\t\t<\/a>\n\t\t\t\t<\/div>\n\t\t\t\t\t\t\t\t<\/div>\n\t\t\t\t<\/div>\n\t\t\t\t<\/div>\n\t\t\t\t<\/div>\n\t\t\t\t\t<\/div>\n\t\t<\/div>\n\t\t\t\t\t<\/div>\n\t\t<\/section>\n\t\t\t\t<\/div>\n\t\t","protected":false},"excerpt":{"rendered":"<p>Recetasde Cocina Casera El Forner de Alella NUESTRAS \u00daLTIMAS RECETAS de cocina casera Qui\u00e9nes somos Somos Josep Maria Ma\u00f1\u00e9 y Carme Juli\u00e0\u00a0 Durante m\u00e1s de cuarenta a\u00f1os regentamos panader\u00edas y pasteler\u00edas y 1 restaurante. Ya jubilados, y jugando un d\u00eda con nuestros nietos, decidimos grabar un par de recetas de cocina caseras y colgarlas en [&hellip;]<\/p>\n","protected":false},"author":1,"featured_media":0,"parent":0,"menu_order":0,"comment_status":"closed","ping_status":"closed","template":"","meta":{"site-sidebar-layout":"no-sidebar","site-content-layout":"page-builder","ast-site-content-layout":"full-width-container","site-content-style":"unboxed","site-sidebar-style":"unboxed","ast-global-header-display":"","ast-banner-title-visibility":"","ast-main-header-display":"","ast-hfb-above-header-display":"","ast-hfb-below-header-display":"","ast-hfb-mobile-header-display":"","site-post-title":"disabled","ast-breadcrumbs-content":"disabled","ast-featured-img":"disabled","footer-sml-layout":"","ast-disable-related-posts":"","theme-transparent-header-meta":"default","adv-header-id-meta":"","stick-header-meta":"","header-above-stick-meta":"","header-main-stick-meta":"","header-below-stick-meta":"","astra-migrate-meta-layouts":"set","ast-page-background-enabled":"default","ast-page-background-meta":{"desktop":{"background-color":"","background-image":"","background-repeat":"repeat","background-position":"center center","background-size":"auto","background-attachment":"scroll","background-type":"","background-media":"","overlay-type":"","overlay-color":"","overlay-opacity":"","overlay-gradient":""},"tablet":{"background-color":"","background-image":"","background-repeat":"repeat","background-position":"center center","background-size":"auto","background-attachment":"scroll","background-type":"","background-media":"","overlay-type":"","overlay-color":"","overlay-opacity":"","overlay-gradient":""},"mobile":{"background-color":"","background-image":"","background-repeat":"repeat","background-position":"center center","background-size":"auto","background-attachment":"scroll","background-type":"","background-media":"","overlay-type":"","overlay-color":"","overlay-opacity":"","overlay-gradient":""}},"ast-content-background-meta":{"desktop":{"background-color":"var(--ast-global-color-5)","background-image":"","background-repeat":"repeat","background-position":"center center","background-size":"auto","background-attachment":"scroll","background-type":"","background-media":"","overlay-type":"","overlay-color":"","overlay-opacity":"","overlay-gradient":""},"tablet":{"background-color":"var(--ast-global-color-5)","background-image":"","background-repeat":"repeat","background-position":"center center","background-size":"auto","background-attachment":"scroll","background-type":"","background-media":"","overlay-type":"","overlay-color":"","overlay-opacity":"","overlay-gradient":""},"mobile":{"background-color":"var(--ast-global-color-5)","background-image":"","background-repeat":"repeat","background-position":"center center","background-size":"auto","background-attachment":"scroll","background-type":"","background-media":"","overlay-type":"","overlay-color":"","overlay-opacity":"","overlay-gradient":""}},"footnotes":""},"class_list":["post-12422","page","type-page","status-publish","hentry"],"_links":{"self":[{"href":"https:\/\/elfornerdealella.com\/ca\/wp-json\/wp\/v2\/pages\/12422","targetHints":{"allow":["GET"]}}],"collection":[{"href":"https:\/\/elfornerdealella.com\/ca\/wp-json\/wp\/v2\/pages"}],"about":[{"href":"https:\/\/elfornerdealella.com\/ca\/wp-json\/wp\/v2\/types\/page"}],"author":[{"embeddable":true,"href":"https:\/\/elfornerdealella.com\/ca\/wp-json\/wp\/v2\/users\/1"}],"replies":[{"embeddable":true,"href":"https:\/\/elfornerdealella.com\/ca\/wp-json\/wp\/v2\/comments?post=12422"}],"version-history":[{"count":8,"href":"https:\/\/elfornerdealella.com\/ca\/wp-json\/wp\/v2\/pages\/12422\/revisions"}],"predecessor-version":[{"id":14514,"href":"https:\/\/elfornerdealella.com\/ca\/wp-json\/wp\/v2\/pages\/12422\/revisions\/14514"}],"wp:attachment":[{"href":"https:\/\/elfornerdealella.com\/ca\/wp-json\/wp\/v2\/media?parent=12422"}],"curies":[{"name":"wp","href":"https:\/\/api.w.org\/{rel}","templated":true}]}}